{"id":5999,"date":"2021-09-21T17:11:46","date_gmt":"2021-09-21T15:11:46","guid":{"rendered":"https:\/\/groupgia.com\/aviso-legal\/"},"modified":"2021-09-23T11:35:58","modified_gmt":"2021-09-23T09:35:58","slug":"aviso-legal","status":"publish","type":"page","link":"https:\/\/groupgia.com\/pt\/aviso-legal\/","title":{"rendered":"Aviso Legal"},"content":{"rendered":"<div class=\"wpb-content-wrapper\"><p>[vc_row][vc_column]\r\n\t\t<div class=\"themesflat_sc_vc-spacer clearfix\" data-desktop=\"20\" data-mobi=\"20\" data-smobi=\"20\"><\/div><div class=\"themesflat_sc_vc-headings clearfix \"  style=\"\"><h1 class=\"heading clearfix\" style=\"\">\r\n\t\t\tAviso legal\r\n\t\t<\/h1><\/div>\r\n\t\t<div class=\"themesflat_sc_vc-spacer clearfix\" data-desktop=\"15\" data-mobi=\"15\" data-smobi=\"15\"><\/div>[vc_column_text]Em cumprimento \u00e0 Lei 34\/2002, de 11 de julho, sobre Servi\u00e7os da Sociedade da Informa\u00e7\u00e3o e Com\u00e9rcio Eletr\u00f4nico, informamos que o site www.groupgia.com \u00e9 propriedade da GESTION INTEGRAL DE ALMACENES, SL, com o n\u00famero CIF n\u00ba. B63730071 e com sede em C \/ Industria, 13 Pol\u00edgono Ind. El Pedregar de Montmel\u00f3 e e-mail <a href=\"mailto:info@groupgia.com\">info@groupgia.com<\/a>.[\/vc_column_text]\r\n\t\t<div class=\"themesflat_sc_vc-spacer clearfix\" data-desktop=\"15\" data-mobi=\"15\" data-smobi=\"15\"><\/div>[\/vc_column][\/vc_row][vc_row][vc_column]\r\n\t\t<div class=\"themesflat_sc_vc-spacer clearfix\" data-desktop=\"20\" data-mobi=\"20\" data-smobi=\"20\"><\/div><div class=\"themesflat_sc_vc-headings clearfix \"  style=\"\"><h2 class=\"heading clearfix\" style=\"\">\r\n\t\t\t1 - Pol\u00edtica de privacidade\r\n\t\t<\/h2><\/div>\r\n\t\t<div class=\"themesflat_sc_vc-spacer clearfix\" data-desktop=\"15\" data-mobi=\"15\" data-smobi=\"15\"><\/div>[vc_column_text]De acordo com o disposto no artigo 5\u00ba da Lei Org\u00e2nica 15\/1999, de 13 de Dezembro, sobre a Protec\u00e7\u00e3o de Dados Pessoais, GESTION INTEGRAL DE ALMACENES, SL informa aos utilizadores do seu site que os dados de car\u00e1cter Pessoal que nos faculta atrav\u00e9s do preenchimento qualquer formul\u00e1rio inserido no seu site ser\u00e1 inserido em um arquivo de propriedade da empresa, perante o qual voc\u00ea poder\u00e1 exercer seus direitos de acesso, retifica\u00e7\u00e3o, cancelamento e oposi\u00e7\u00e3o por meio de um pedido por escrito assinado.<br \/>\nOs fins da recolha dos seus dados pessoais s\u00e3o os que se encontram particularmente indicados em cada uma das p\u00e1ginas onde aparece o formul\u00e1rio de registo eletr\u00f3nico. Em geral, os dados pessoais que voc\u00ea nos fornecer ser\u00e3o utilizados para atender \u00e0s suas solicita\u00e7\u00f5es de informa\u00e7\u00f5es, bem como para inform\u00e1-lo sobre novas atividades e servi\u00e7os da empresa.<br \/>\nGESTION INTEGRAL DE ALMACENES, S.L. compromete-se a tratar os seus dados pessoais de forma confidencial, utilizando-os exclusivamente para os fins indicados, e informa-o de que implementou as medidas t\u00e9cnicas e organizacionais de seguran\u00e7a necess\u00e1rias para garantir a seguran\u00e7a dos seus dados e evitar a sua altera\u00e7\u00e3o, perda, tratamento e \/ ou acesso n\u00e3o autorizado , tudo de acordo com o disposto no artigo 9.\u00ba da LOPD e no seu Regulamento de Desenvolvimento aprovado pelo Real Decreto 1720\/2007, de 21 de Dezembro.[\/vc_column_text]\r\n\t\t<div class=\"themesflat_sc_vc-spacer clearfix\" data-desktop=\"15\" data-mobi=\"15\" data-smobi=\"15\"><\/div>[\/vc_column][\/vc_row][vc_row][vc_column]\r\n\t\t<div class=\"themesflat_sc_vc-spacer clearfix\" data-desktop=\"20\" data-mobi=\"20\" data-smobi=\"20\"><\/div><div class=\"themesflat_sc_vc-headings clearfix \"  style=\"\"><h2 class=\"heading clearfix\" style=\"\">\r\n\t\t\t2 - Condi\u00e7\u00f5es de uso do site e regime de responsabilidade\r\n\t\t<\/h2><\/div>\r\n\t\t<div class=\"themesflat_sc_vc-spacer clearfix\" data-desktop=\"15\" data-mobi=\"15\" data-smobi=\"15\"><\/div>[vc_column_text]A utiliza\u00e7\u00e3o da nossa p\u00e1gina confere-lhe a condi\u00e7\u00e3o de utilizador da mesma e implica a aceita\u00e7\u00e3o plena e sem reservas de todas as disposi\u00e7\u00f5es aqui estabelecidas.<br \/>\nGESTION INTEGRAL DE ALMACENES, S.L. reserva-se o direito de negar ou retirar o acesso ao seu site, a qualquer momento, e sem pr\u00e9vio aviso, aos usu\u00e1rios que n\u00e3o cumpram com estas disposi\u00e7\u00f5es gerais, bem como as particulares que porventura sejam aplic\u00e1veis.<br \/>\nGESTION INTEGRAL DE ALMACENES, S.L. n\u00e3o garante a disponibilidade e continuidade do funcionamento do seu site e \/ ou dos seus servi\u00e7os ou conte\u00fados, nem que seja atualizado. Da mesma forma, n\u00e3o garante a disponibilidade t\u00e9cnica, exatid\u00e3o, veracidade, validade ou legalidade das p\u00e1ginas fora de sua propriedade que possam ser acessadas atrav\u00e9s dos links. Neste contexto, Bravo Advocats Associats SCP declina qualquer responsabilidade por danos de qualquer natureza que possam ser devidos \u00e0 falta de disponibilidade ou continuidade do funcionamento do site e dos seus servi\u00e7os.[\/vc_column_text]\r\n\t\t<div class=\"themesflat_sc_vc-spacer clearfix\" data-desktop=\"15\" data-mobi=\"15\" data-smobi=\"15\"><\/div>[\/vc_column][\/vc_row][vc_row][vc_column]\r\n\t\t<div class=\"themesflat_sc_vc-spacer clearfix\" data-desktop=\"20\" data-mobi=\"20\" data-smobi=\"20\"><\/div><div class=\"themesflat_sc_vc-headings clearfix \"  style=\"\"><h2 class=\"heading clearfix\" style=\"\">\r\n\t\t\t3 - Propriedade intelectual e industrial\r\n\t\t<\/h2><\/div>\r\n\t\t<div class=\"themesflat_sc_vc-spacer clearfix\" data-desktop=\"15\" data-mobi=\"15\" data-smobi=\"15\"><\/div>[vc_column_text]Todo o conte\u00fado dispon\u00edvel no site (textos, logotipos, \u00edcones, imagens, clipes de \u00e1udio, compila\u00e7\u00f5es de dados e softwares, marcas, nomes comerciais, etc.), com exce\u00e7\u00e3o das cita\u00e7\u00f5es externas (nas quais o autor ser\u00e1 identificado dos mesmos ) \u00e9 propriedade da GESTION INTEGRAL DE ALMACENES, SL e \/ ou s\u00e3o legitimamente explorados em virtude de acordos ou licen\u00e7as de uso e est\u00e3o protegidos pela legisla\u00e7\u00e3o de Propriedade Intelectual e Industrial, de \u00e2mbito aut\u00f4nomo, estatal, comunit\u00e1rio ou internacional, pelo que n\u00e3o \u00e9 permitida a reprodu\u00e7\u00e3o e \/ ou publica\u00e7\u00e3o, total ou parcial do site, nem do seu tratamento informatizado, da sua distribui\u00e7\u00e3o, da sua comunica\u00e7\u00e3o p\u00fablica, nem da sua modifica\u00e7\u00e3o ou transforma\u00e7\u00e3o, sem o consentimento pr\u00e9vio por escrito de GESTION INTEGRAL DE ALMACENES, SL O utilizador pode utilizar os conte\u00fados do site \u00fanica e exclusivamente para uso privado, sendo proibida a sua utiliza\u00e7\u00e3o para fins comerciais ou em desacordo com a legisla\u00e7\u00e3o em vigor.<br \/>\nA rela\u00e7\u00e3o entre o usu\u00e1rio e GESTION INTEGRAL DE ALMACENES, S.L. Ser\u00e1 regido pelas regras de uso estabelecidas e pela legisla\u00e7\u00e3o espanhola em vigor, submetendo as partes \u00e0 jurisdi\u00e7\u00e3o dos Tribunais e Tribunais de L&#8217;Hospitalet de Llobregat (Barcelona) em caso de lit\u00edgio entre ambas as partes.[\/vc_column_text]\r\n\t\t<div class=\"themesflat_sc_vc-spacer clearfix\" data-desktop=\"40\" data-mobi=\"40\" data-smobi=\"40\"><\/div>[\/vc_column][\/vc_row]<\/p>\n<\/div>","protected":false},"excerpt":{"rendered":"<p>[vc_row][vc_column][vc_column_text]Em cumprimento \u00e0 Lei 34\/2002, de 11 de julho, sobre Servi\u00e7os da Sociedade da Informa\u00e7\u00e3o e Com\u00e9rcio Eletr\u00f4nico, informamos que o site www.groupgia.com \u00e9 propriedade da GESTION INTEGRAL DE ALMACENES, SL, com o n\u00famero CIF n\u00ba. B63730071 e com sede em [&hellip;]<\/p>\n","protected":false},"author":2,"featured_media":0,"parent":0,"menu_order":0,"comment_status":"closed","ping_status":"closed","template":"tpl\/front-page.php","meta":{"_monsterinsights_skip_tracking":false,"_monsterinsights_sitenote_active":false,"_monsterinsights_sitenote_note":"","_monsterinsights_sitenote_category":0,"footnotes":""},"class_list":["post-5999","page","type-page","status-publish","hentry"],"_links":{"self":[{"href":"https:\/\/groupgia.com\/pt\/wp-json\/wp\/v2\/pages\/5999","targetHints":{"allow":["GET"]}}],"collection":[{"href":"https:\/\/groupgia.com\/pt\/wp-json\/wp\/v2\/pages"}],"about":[{"href":"https:\/\/groupgia.com\/pt\/wp-json\/wp\/v2\/types\/page"}],"author":[{"embeddable":true,"href":"https:\/\/groupgia.com\/pt\/wp-json\/wp\/v2\/users\/2"}],"replies":[{"embeddable":true,"href":"https:\/\/groupgia.com\/pt\/wp-json\/wp\/v2\/comments?post=5999"}],"version-history":[{"count":0,"href":"https:\/\/groupgia.com\/pt\/wp-json\/wp\/v2\/pages\/5999\/revisions"}],"wp:attachment":[{"href":"https:\/\/groupgia.com\/pt\/wp-json\/wp\/v2\/media?parent=5999"}],"curies":[{"name":"wp","href":"https:\/\/api.w.org\/{rel}","templated":true}]}}